{"id":3638,"date":"2025-06-30T13:05:59","date_gmt":"2025-06-30T13:05:59","guid":{"rendered":"https:\/\/nota-estudio.com\/?page_id=3638"},"modified":"2025-07-07T16:31:31","modified_gmt":"2025-07-07T16:31:31","slug":"diseno-terraza-mediterranea-almagro-madrid","status":"publish","type":"page","link":"http:\/\/nota-estudio.com\/en\/diseno-terraza-mediterranea-almagro-madrid","title":{"rendered":"Terraza: Arrando"},"content":{"rendered":"<div data-elementor-type=\"wp-page\" data-elementor-id=\"3638\" class=\"elementor elementor-3638\" data-elementor-post-type=\"page\">\n\t\t\t\t\t\t\t<div class=\"elementor-element elementor-element-9c88bb1 e-flex e-con-boxed e-con e-parent\" data-id=\"9c88bb1\" data-element_type=\"container\" data-settings=\"{&quot;container_type&quot;:&quot;flex&quot;,&quot;content_width&quot;:&quot;boxed&quot;}\" data-core-v316-plus=\"true\">\n\t\t\t\t\t<div class=\"e-con-inner\">\n\t\t\t\t<div class=\"elementor-element elementor-element-3e933b9 elementor-widget elementor-widget-heading\" data-id=\"3e933b9\" data-element_type=\"widget\" data-widget_type=\"heading.default\">\n\t\t\t\t<div class=\"elementor-widget-container\">\n\t\t\t<style>\/*! elementor - v3.17.0 - 08-11-2023 *\/\n.elementor-heading-title{padding:0;margin:0;line-height:1}.elementor-widget-heading .elementor-heading-title[class*=elementor-size-]>a{color:inherit;font-size:inherit;line-height:inherit}.elementor-widget-heading .elementor-heading-title.elementor-size-small{font-size:15px}.elementor-widget-heading .elementor-heading-title.elementor-size-medium{font-size:19px}.elementor-widget-heading .elementor-heading-title.elementor-size-large{font-size:29px}.elementor-widget-heading .elementor-heading-title.elementor-size-xl{font-size:39px}.elementor-widget-heading .elementor-heading-title.elementor-size-xxl{font-size:59px}<\/style><h2 class=\"elementor-heading-title elementor-size-large\">Dise\u00f1o de terraza mediterr\u00e1nea en Almagro | Madrid\n<\/h2>\t\t<\/div>\n\t\t\t\t<\/div>\n\t\t\t\t\t<\/div>\n\t\t\t\t<\/div>\n\t\t<div class=\"elementor-element elementor-element-707c493 e-flex e-con-boxed e-con e-parent\" data-id=\"707c493\" data-element_type=\"container\" data-settings=\"{&quot;container_type&quot;:&quot;flex&quot;,&quot;content_width&quot;:&quot;boxed&quot;}\" data-core-v316-plus=\"true\">\n\t\t\t\t\t<div class=\"e-con-inner\">\n\t\t\t\t<div class=\"elementor-element elementor-element-4f64851 elementor-widget elementor-widget-image\" data-id=\"4f64851\" data-element_type=\"widget\" data-widget_type=\"image.default\">\n\t\t\t\t<div class=\"elementor-widget-container\">\n\t\t\t<style>\/*! elementor - v3.17.0 - 08-11-2023 *\/\n.elementor-widget-image{text-align:center}.elementor-widget-image a{display:inline-block}.elementor-widget-image a img[src$=\".svg\"]{width:48px}.elementor-widget-image img{vertical-align:middle;display:inline-block}<\/style>\t\t\t\t\t\t\t\t\t\t\t\t<img fetchpriority=\"high\" decoding=\"async\" width=\"2560\" height=\"1810\" src=\"http:\/\/nota-estudio.com\/wp-content\/uploads\/2025\/06\/25106_TERRAZA-PANCHO-ESTADO-REFORMADO-scaled.png\" class=\"attachment-full size-full wp-image-3646\" alt=\"\" srcset=\"http:\/\/nota-estudio.com\/wp-content\/uploads\/2025\/06\/25106_TERRAZA-PANCHO-ESTADO-REFORMADO-scaled.png 2560w, http:\/\/nota-estudio.com\/wp-content\/uploads\/2025\/06\/25106_TERRAZA-PANCHO-ESTADO-REFORMADO-300x212.png 300w, http:\/\/nota-estudio.com\/wp-content\/uploads\/2025\/06\/25106_TERRAZA-PANCHO-ESTADO-REFORMADO-1024x724.png 1024w, http:\/\/nota-estudio.com\/wp-content\/uploads\/2025\/06\/25106_TERRAZA-PANCHO-ESTADO-REFORMADO-768x543.png 768w, http:\/\/nota-estudio.com\/wp-content\/uploads\/2025\/06\/25106_TERRAZA-PANCHO-ESTADO-REFORMADO-1536x1086.png 1536w, http:\/\/nota-estudio.com\/wp-content\/uploads\/2025\/06\/25106_TERRAZA-PANCHO-ESTADO-REFORMADO-2048x1448.png 2048w, http:\/\/nota-estudio.com\/wp-content\/uploads\/2025\/06\/25106_TERRAZA-PANCHO-ESTADO-REFORMADO-18x12.png 18w\" sizes=\"(max-width: 2560px) 100vw, 2560px\" \/>\t\t\t\t\t\t\t\t\t\t\t\t\t\t\t<\/div>\n\t\t\t\t<\/div>\n\t\t\t\t\t<\/div>\n\t\t\t\t<\/div>\n\t\t<div class=\"elementor-element elementor-element-25b19aa e-flex e-con-boxed e-con e-parent\" data-id=\"25b19aa\" data-element_type=\"container\" data-settings=\"{&quot;container_type&quot;:&quot;flex&quot;,&quot;content_width&quot;:&quot;boxed&quot;}\" data-core-v316-plus=\"true\">\n\t\t\t\t\t<div class=\"e-con-inner\">\n\t\t<div class=\"elementor-element elementor-element-ed6fba6 e-con-full e-flex e-con e-child\" data-id=\"ed6fba6\" data-element_type=\"container\" data-settings=\"{&quot;content_width&quot;:&quot;full&quot;,&quot;container_type&quot;:&quot;flex&quot;}\">\n\t\t\t\t<div class=\"elementor-element elementor-element-d6fdea3 elementor-widget elementor-widget-image\" data-id=\"d6fdea3\" data-element_type=\"widget\" data-widget_type=\"image.default\">\n\t\t\t\t<div class=\"elementor-widget-container\">\n\t\t\t\t\t\t\t\t\t\t\t\t\t\t\t<img decoding=\"async\" width=\"1439\" height=\"2560\" src=\"http:\/\/nota-estudio.com\/wp-content\/uploads\/2025\/06\/IMG_8792-scaled.jpg\" class=\"attachment-full size-full wp-image-3648\" alt=\"\" srcset=\"http:\/\/nota-estudio.com\/wp-content\/uploads\/2025\/06\/IMG_8792-scaled.jpg 1439w, http:\/\/nota-estudio.com\/wp-content\/uploads\/2025\/06\/IMG_8792-169x300.jpg 169w, http:\/\/nota-estudio.com\/wp-content\/uploads\/2025\/06\/IMG_8792-576x1024.jpg 576w, http:\/\/nota-estudio.com\/wp-content\/uploads\/2025\/06\/IMG_8792-768x1366.jpg 768w, http:\/\/nota-estudio.com\/wp-content\/uploads\/2025\/06\/IMG_8792-864x1536.jpg 864w, http:\/\/nota-estudio.com\/wp-content\/uploads\/2025\/06\/IMG_8792-1152x2048.jpg 1152w, http:\/\/nota-estudio.com\/wp-content\/uploads\/2025\/06\/IMG_8792-7x12.jpg 7w\" sizes=\"(max-width: 1439px) 100vw, 1439px\" \/>\t\t\t\t\t\t\t\t\t\t\t\t\t\t\t<\/div>\n\t\t\t\t<\/div>\n\t\t\t\t<\/div>\n\t\t<div class=\"elementor-element elementor-element-fca0998 e-con-full e-flex e-con e-child\" data-id=\"fca0998\" data-element_type=\"container\" data-settings=\"{&quot;content_width&quot;:&quot;full&quot;,&quot;container_type&quot;:&quot;flex&quot;}\">\n\t\t\t\t<div class=\"elementor-element elementor-element-d467e7f elementor-widget elementor-widget-text-editor\" data-id=\"d467e7f\" data-element_type=\"widget\" data-widget_type=\"text-editor.default\">\n\t\t\t\t<div class=\"elementor-widget-container\">\n\t\t\t<style>\/*! elementor - v3.17.0 - 08-11-2023 *\/\n.elementor-widget-text-editor.elementor-drop-cap-view-stacked .elementor-drop-cap{background-color:#69727d;color:#fff}.elementor-widget-text-editor.elementor-drop-cap-view-framed .elementor-drop-cap{color:#69727d;border:3px solid;background-color:transparent}.elementor-widget-text-editor:not(.elementor-drop-cap-view-default) .elementor-drop-cap{margin-top:8px}.elementor-widget-text-editor:not(.elementor-drop-cap-view-default) .elementor-drop-cap-letter{width:1em;height:1em}.elementor-widget-text-editor .elementor-drop-cap{float:left;text-align:center;line-height:1;font-size:50px}.elementor-widget-text-editor .elementor-drop-cap-letter{display:inline-block}<\/style>\t\t\t\t\t\t\t\t\t\t<\/div>\n\t\t\t\t<\/div>\n\t\t\t\t<div class=\"elementor-element elementor-element-69b2ca8 elementor-widget elementor-widget-text-editor\" data-id=\"69b2ca8\" data-element_type=\"widget\" data-widget_type=\"text-editor.default\">\n\t\t\t\t<div class=\"elementor-widget-container\">\n\t\t\t\t\t\t\t<p><span style=\"font-family: arial, helvetica, sans-serif; font-size: 10pt;\">Este dise\u00f1o de terraza mediterr\u00e1nea en Almagro | Madrid transforma un espacio urbano en un refugio sereno y atemporal. Una oportunidad para evocar la calma y la belleza de un paseo por el Mediterr\u00e1neo en plena ciudad.<\/span><\/p><p><span style=\"font-family: arial, helvetica, sans-serif; font-size: 10pt;\">Con una superficie de 120 m\u00b2, en nuestro primer contacto con el espacio, lo percibimos di\u00e1fano, vasto e impersonal. Partimos de un an\u00e1lisis de c\u00f3mo la luz natural ba\u00f1a la terraza desde el amanecer hasta el atardecer, y c\u00f3mo evoluciona en las distintas estaciones. Esta lectura de la luz fue clave para distribuir el mobiliario y, especialmente, la vegetaci\u00f3n, buscando potenciar el bienestar en cada momento del d\u00eda.<\/span><\/p><h3><span style=\"font-family: arial, helvetica, sans-serif; font-size: 10pt;\">En el proceso, algunas palabras se convirtieron en nuestras br\u00fajulas. Busc\u00e1bamos que este espacio invitara a <strong>caminar descalzo, leer al sol, compartir risas con amigos y disfrutar de un buen vino.<\/strong> Evocando la calma y la esencia de Menorca, estas ideas se entrelazaron para dar vida al concepto principal: <\/span><\/h3><p style=\"text-align: center;\"><span style=\"font-family: arial, helvetica, sans-serif; font-size: 18pt;\"><strong>\u00abUn paseo por el Mediterr\u00e1neo\u00bb<\/strong><\/span><\/p><p>\u00a0<\/p><p><span style=\"font-family: arial, helvetica, sans-serif; font-size: 10pt;\"> El objetivo fue crear un refugio natural donde cada rinc\u00f3n invitase a un peque\u00f1o ritual de placer cotidiano.<\/span><\/p>\t\t\t\t\t\t<\/div>\n\t\t\t\t<\/div>\n\t\t\t\t<\/div>\n\t\t\t\t\t<\/div>\n\t\t\t\t<\/div>\n\t\t<div class=\"elementor-element elementor-element-84d8952 e-flex e-con-boxed e-con e-parent\" data-id=\"84d8952\" data-element_type=\"container\" data-settings=\"{&quot;container_type&quot;:&quot;flex&quot;,&quot;content_width&quot;:&quot;boxed&quot;}\" data-core-v316-plus=\"true\">\n\t\t\t\t\t<div class=\"e-con-inner\">\n\t\t<div class=\"elementor-element elementor-element-85d635f e-con-full e-flex e-con e-child\" data-id=\"85d635f\" data-element_type=\"container\" data-settings=\"{&quot;content_width&quot;:&quot;full&quot;,&quot;container_type&quot;:&quot;flex&quot;}\">\n\t\t\t\t<div class=\"elementor-element elementor-element-a98d035 elementor-widget elementor-widget-text-editor\" data-id=\"a98d035\" data-element_type=\"widget\" data-widget_type=\"text-editor.default\">\n\t\t\t\t<div class=\"elementor-widget-container\">\n\t\t\t\t\t\t\t<p><span style=\"font-family: arial, helvetica, sans-serif; font-size: 10pt;\">Para materializar este concepto, intervenimos la rigidez ortogonal del espacio con <strong>\u00abislas\u00bb de acero corten de formas curvas y org\u00e1nicas.<\/strong> Estas estructuras, que abrazan el per\u00edmetro, evocan la fluidez de un paseo. Dentro de ellas, macetas de barro de distintas formas y tama\u00f1os dan vida al espacio, complementadas con piedras en tono mar\u00e9s que refuerzan la conexi\u00f3n con el paisaje mediterr\u00e1neo. <\/span><\/p><p><span style=\"font-family: arial, helvetica, sans-serif; font-size: 10pt;\"><strong>La elecci\u00f3n de la vegetaci\u00f3n fue crucial<\/strong>: seleccionamos plantas mediterr\u00e1neas como el olivo, la lavanda, el romero y el tomillo, que no solo aportasen belleza y fragancia, sino que tambi\u00e9n fuesen resistentes y de f\u00e1cil mantenimiento.<\/span><\/p><p><span style=\"font-family: arial, helvetica, sans-serif; font-size: 10pt;\">Seleccionamos las luminarias en el mismo tono del acero corten, creando una <strong>continuidad visual. <\/strong><\/span><\/p><p><span style=\"font-family: arial, helvetica, sans-serif; font-size: 10pt;\">La propuesta de mobiliario, en l\u00ednea con el concepto, y la integraci\u00f3n de una ducha exterior, revestida con baldosas porcel\u00e1nicas y grifer\u00eda en tono \u00f3xido, completan la experiencia<\/span><span style=\"font-family: arial, helvetica, sans-serif; font-size: 10pt;\">\u00a0invitando a la relajaci\u00f3n.<\/span><\/p><div class=\"response-content ng-tns-c1966113005-125\"><div id=\"model-response-message-contentr_f307e64bfa798d00\" class=\"markdown markdown-main-panel enable-updated-hr-color\" dir=\"ltr\"><p><span style=\"font-family: arial, helvetica, sans-serif; font-size: 10pt;\">As\u00ed, esta terraza se establece como un espacio donde la esencia mediterr\u00e1nea se fusiona con la vida urbana para ofrecer momentos cotidianos de <strong>serenidad y conexi\u00f3n.<\/strong><\/span><\/p><\/div><\/div>\t\t\t\t\t\t<\/div>\n\t\t\t\t<\/div>\n\t\t\t\t<\/div>\n\t\t<div class=\"elementor-element elementor-element-6336029 e-con-full e-flex e-con e-child\" data-id=\"6336029\" data-element_type=\"container\" data-settings=\"{&quot;content_width&quot;:&quot;full&quot;,&quot;container_type&quot;:&quot;flex&quot;}\">\n\t\t\t\t<div class=\"elementor-element elementor-element-7bf6076 elementor-widget elementor-widget-image\" data-id=\"7bf6076\" data-element_type=\"widget\" data-widget_type=\"image.default\">\n\t\t\t\t<div class=\"elementor-widget-container\">\n\t\t\t\t\t\t\t\t\t\t\t\t\t\t\t<img decoding=\"async\" width=\"1942\" height=\"2268\" src=\"http:\/\/nota-estudio.com\/wp-content\/uploads\/2025\/06\/25106_TERRAZA-PANCHO-DUCHA-GRIFERIA-COBRE.png\" class=\"attachment-full size-full wp-image-3645\" alt=\"\" srcset=\"http:\/\/nota-estudio.com\/wp-content\/uploads\/2025\/06\/25106_TERRAZA-PANCHO-DUCHA-GRIFERIA-COBRE.png 1942w, http:\/\/nota-estudio.com\/wp-content\/uploads\/2025\/06\/25106_TERRAZA-PANCHO-DUCHA-GRIFERIA-COBRE-257x300.png 257w, http:\/\/nota-estudio.com\/wp-content\/uploads\/2025\/06\/25106_TERRAZA-PANCHO-DUCHA-GRIFERIA-COBRE-877x1024.png 877w, http:\/\/nota-estudio.com\/wp-content\/uploads\/2025\/06\/25106_TERRAZA-PANCHO-DUCHA-GRIFERIA-COBRE-768x897.png 768w, http:\/\/nota-estudio.com\/wp-content\/uploads\/2025\/06\/25106_TERRAZA-PANCHO-DUCHA-GRIFERIA-COBRE-1315x1536.png 1315w, http:\/\/nota-estudio.com\/wp-content\/uploads\/2025\/06\/25106_TERRAZA-PANCHO-DUCHA-GRIFERIA-COBRE-1754x2048.png 1754w, http:\/\/nota-estudio.com\/wp-content\/uploads\/2025\/06\/25106_TERRAZA-PANCHO-DUCHA-GRIFERIA-COBRE-10x12.png 10w\" sizes=\"(max-width: 1942px) 100vw, 1942px\" \/>\t\t\t\t\t\t\t\t\t\t\t\t\t\t\t<\/div>\n\t\t\t\t<\/div>\n\t\t\t\t<div class=\"elementor-element elementor-element-136ca81 elementor-widget elementor-widget-text-editor\" data-id=\"136ca81\" data-element_type=\"widget\" data-widget_type=\"text-editor.default\">\n\t\t\t\t<div class=\"elementor-widget-container\">\n\t\t\t\t\t\t\t\t\t\t\t\t\t<\/div>\n\t\t\t\t<\/div>\n\t\t\t\t<\/div>\n\t\t\t\t\t<\/div>\n\t\t\t\t<\/div>\n\t\t<div class=\"elementor-element elementor-element-a1cbc35 e-flex e-con-boxed e-con e-parent\" data-id=\"a1cbc35\" data-element_type=\"container\" data-settings=\"{&quot;container_type&quot;:&quot;flex&quot;,&quot;content_width&quot;:&quot;boxed&quot;}\" data-core-v316-plus=\"true\">\n\t\t\t\t\t<div class=\"e-con-inner\">\n\t\t\t\t<div class=\"elementor-element elementor-element-cf51d8c elementor-widget elementor-widget-text-editor\" data-id=\"cf51d8c\" data-element_type=\"widget\" data-widget_type=\"text-editor.default\">\n\t\t\t\t<div class=\"elementor-widget-container\">\n\t\t\t\t\t\t\t<p style=\"text-align: center;\"><span style=\"font-family: arial, helvetica, sans-serif; color: #55523a;\"><a style=\"color: #55523a;\" href=\"http:\/\/nota-estudio.com\/en\/servicios-de-interiorismo-y-decoracion\/\">Conoce c\u00f3mo trabajamos el dise\u00f1o personalizado<\/a>.<\/span><\/p>\t\t\t\t\t\t<\/div>\n\t\t\t\t<\/div>\n\t\t\t\t\t<\/div>\n\t\t\t\t<\/div>\n\t\t\t\t\t\t\t<\/div>","protected":false},"excerpt":{"rendered":"<p>Dise\u00f1o de terraza mediterr\u00e1nea en Almagro | Madrid Este dise\u00f1o de terraza mediterr\u00e1nea en Almagro | Madrid transforma un espacio urbano en un refugio sereno y atemporal. Una oportunidad para evocar la calma y la belleza de un paseo por el Mediterr\u00e1neo en plena ciudad. Con una superficie de 120 m\u00b2, en nuestro primer contacto [&hellip;]<\/p>","protected":false},"author":1,"featured_media":0,"parent":0,"menu_order":0,"comment_status":"closed","ping_status":"closed","template":"","meta":{"footnotes":""},"class_list":["post-3638","page","type-page","status-publish","hentry"],"yoast_head":"<!-- This site is optimized with the Yoast SEO plugin v21.2 - https:\/\/yoast.com\/wordpress\/plugins\/seo\/ -->\n<title>Dise\u00f1o de terraza mediterr\u00e1nea en Almagro | Madrid: Refugio<\/title>\n<meta name=\"description\" content=\"Dise\u00f1o de terraza mediterr\u00e1nea en Almagro | Madrid. Un paseo urbano que evoca calma y belleza a trav\u00e9s de la luz, materiales y vegetaci\u00f3n.\" \/>\n<meta name=\"robots\" content=\"index, follow, max-snippet:-1, max-image-preview:large, max-video-preview:-1\" \/>\n<link rel=\"canonical\" href=\"http:\/\/nota-estudio.com\/en\/diseno-terraza-mediterranea-almagro-madrid\" \/>\n<meta property=\"og:locale\" content=\"en_GB\" \/>\n<meta property=\"og:type\" content=\"article\" \/>\n<meta property=\"og:title\" content=\"Dise\u00f1o de terraza mediterr\u00e1nea en Almagro | Madrid: Refugio\" \/>\n<meta property=\"og:description\" content=\"Dise\u00f1o de terraza mediterr\u00e1nea en Almagro | Madrid. Un paseo urbano que evoca calma y belleza a trav\u00e9s de la luz, materiales y vegetaci\u00f3n.\" \/>\n<meta property=\"og:url\" content=\"http:\/\/nota-estudio.com\/en\/diseno-terraza-mediterranea-almagro-madrid\" \/>\n<meta property=\"og:site_name\" content=\"_dise\u00f1amos espacios que hablan de las personas\" \/>\n<meta property=\"article:modified_time\" content=\"2025-07-07T16:31:31+00:00\" \/>\n<meta property=\"og:image\" content=\"http:\/\/nota-estudio.com\/wp-content\/uploads\/2025\/06\/25106_TERRAZA-PANCHO-ESTADO-REFORMADO-scaled.png\" \/>\n<meta name=\"twitter:card\" content=\"summary_large_image\" \/>\n<meta name=\"twitter:label1\" content=\"Estimated reading time\" \/>\n\t<meta name=\"twitter:data1\" content=\"3 minutes\" \/>\n<script type=\"application\/ld+json\" class=\"yoast-schema-graph\">{\"@context\":\"https:\/\/schema.org\",\"@graph\":[{\"@type\":\"WebPage\",\"@id\":\"http:\/\/nota-estudio.com\/en\/diseno-terraza-mediterranea-almagro-madrid\",\"url\":\"http:\/\/nota-estudio.com\/en\/diseno-terraza-mediterranea-almagro-madrid\",\"name\":\"Dise\u00f1o de terraza mediterr\u00e1nea en Almagro | Madrid: Refugio\",\"isPartOf\":{\"@id\":\"https:\/\/nota-estudio.com\/#website\"},\"datePublished\":\"2025-06-30T13:05:59+00:00\",\"dateModified\":\"2025-07-07T16:31:31+00:00\",\"description\":\"Dise\u00f1o de terraza mediterr\u00e1nea en Almagro | Madrid. Un paseo urbano que evoca calma y belleza a trav\u00e9s de la luz, materiales y vegetaci\u00f3n.\",\"breadcrumb\":{\"@id\":\"http:\/\/nota-estudio.com\/en\/diseno-terraza-mediterranea-almagro-madrid#breadcrumb\"},\"inLanguage\":\"en-GB\",\"potentialAction\":[{\"@type\":\"ReadAction\",\"target\":[\"http:\/\/nota-estudio.com\/en\/diseno-terraza-mediterranea-almagro-madrid\"]}]},{\"@type\":\"BreadcrumbList\",\"@id\":\"http:\/\/nota-estudio.com\/en\/diseno-terraza-mediterranea-almagro-madrid#breadcrumb\",\"itemListElement\":[{\"@type\":\"ListItem\",\"position\":1,\"name\":\"Portada\",\"item\":\"https:\/\/nota-estudio.com\/\"},{\"@type\":\"ListItem\",\"position\":2,\"name\":\"Terraza: Arrando\"}]},{\"@type\":\"WebSite\",\"@id\":\"https:\/\/nota-estudio.com\/#website\",\"url\":\"https:\/\/nota-estudio.com\/\",\"name\":\"_dise\u00f1amos espacios que hablan de las personas\",\"description\":\"arquitectura interior | dise\u00f1o y decoraci\u00f3n | consultor\u00eda de identidad\",\"publisher\":{\"@id\":\"https:\/\/nota-estudio.com\/#organization\"},\"potentialAction\":[{\"@type\":\"SearchAction\",\"target\":{\"@type\":\"EntryPoint\",\"urlTemplate\":\"https:\/\/nota-estudio.com\/?s={search_term_string}\"},\"query-input\":\"required name=search_term_string\"}],\"inLanguage\":\"en-GB\"},{\"@type\":\"Organization\",\"@id\":\"https:\/\/nota-estudio.com\/#organization\",\"name\":\"Nota Estudio\",\"alternateName\":\"nota estudio\",\"url\":\"https:\/\/nota-estudio.com\/\",\"logo\":{\"@type\":\"ImageObject\",\"inLanguage\":\"en-GB\",\"@id\":\"https:\/\/nota-estudio.com\/#\/schema\/logo\/image\/\",\"url\":\"http:\/\/nota-estudio.com\/wp-content\/uploads\/2023\/07\/cropped-nota-story-metalMesa-de-trabajo-42-copia-17.png\",\"contentUrl\":\"http:\/\/nota-estudio.com\/wp-content\/uploads\/2023\/07\/cropped-nota-story-metalMesa-de-trabajo-42-copia-17.png\",\"width\":1009,\"height\":613,\"caption\":\"Nota Estudio\"},\"image\":{\"@id\":\"https:\/\/nota-estudio.com\/#\/schema\/logo\/image\/\"},\"sameAs\":[\"https:\/\/www.linkedin.com\/company\/nota-estudio\/\",\"https:\/\/www.instagram.com\/nota_estudio\/?hl=en\"]}]}<\/script>\n<!-- \/ Yoast SEO plugin. -->","yoast_head_json":{"title":"Dise\u00f1o de terraza mediterr\u00e1nea en Almagro | Madrid: Refugio","description":"Dise\u00f1o de terraza mediterr\u00e1nea en Almagro | Madrid. Un paseo urbano que evoca calma y belleza a trav\u00e9s de la luz, materiales y vegetaci\u00f3n.","robots":{"index":"index","follow":"follow","max-snippet":"max-snippet:-1","max-image-preview":"max-image-preview:large","max-video-preview":"max-video-preview:-1"},"canonical":"http:\/\/nota-estudio.com\/en\/diseno-terraza-mediterranea-almagro-madrid","og_locale":"en_GB","og_type":"article","og_title":"Dise\u00f1o de terraza mediterr\u00e1nea en Almagro | Madrid: Refugio","og_description":"Dise\u00f1o de terraza mediterr\u00e1nea en Almagro | Madrid. Un paseo urbano que evoca calma y belleza a trav\u00e9s de la luz, materiales y vegetaci\u00f3n.","og_url":"http:\/\/nota-estudio.com\/en\/diseno-terraza-mediterranea-almagro-madrid","og_site_name":"_dise\u00f1amos espacios que hablan de las personas","article_modified_time":"2025-07-07T16:31:31+00:00","og_image":[{"url":"http:\/\/nota-estudio.com\/wp-content\/uploads\/2025\/06\/25106_TERRAZA-PANCHO-ESTADO-REFORMADO-scaled.png"}],"twitter_card":"summary_large_image","twitter_misc":{"Estimated reading time":"3 minutes"},"schema":{"@context":"https:\/\/schema.org","@graph":[{"@type":"WebPage","@id":"http:\/\/nota-estudio.com\/en\/diseno-terraza-mediterranea-almagro-madrid","url":"http:\/\/nota-estudio.com\/en\/diseno-terraza-mediterranea-almagro-madrid","name":"Dise\u00f1o de terraza mediterr\u00e1nea en Almagro | Madrid: Refugio","isPartOf":{"@id":"https:\/\/nota-estudio.com\/#website"},"datePublished":"2025-06-30T13:05:59+00:00","dateModified":"2025-07-07T16:31:31+00:00","description":"Dise\u00f1o de terraza mediterr\u00e1nea en Almagro | Madrid. Un paseo urbano que evoca calma y belleza a trav\u00e9s de la luz, materiales y vegetaci\u00f3n.","breadcrumb":{"@id":"http:\/\/nota-estudio.com\/en\/diseno-terraza-mediterranea-almagro-madrid#breadcrumb"},"inLanguage":"en-GB","potentialAction":[{"@type":"ReadAction","target":["http:\/\/nota-estudio.com\/en\/diseno-terraza-mediterranea-almagro-madrid"]}]},{"@type":"BreadcrumbList","@id":"http:\/\/nota-estudio.com\/en\/diseno-terraza-mediterranea-almagro-madrid#breadcrumb","itemListElement":[{"@type":"ListItem","position":1,"name":"Portada","item":"https:\/\/nota-estudio.com\/"},{"@type":"ListItem","position":2,"name":"Terraza: Arrando"}]},{"@type":"WebSite","@id":"https:\/\/nota-estudio.com\/#website","url":"https:\/\/nota-estudio.com\/","name":"_dise\u00f1amos espacios que hablan de las personas","description":"arquitectura interior | dise\u00f1o y decoraci\u00f3n | consultor\u00eda de identidad","publisher":{"@id":"https:\/\/nota-estudio.com\/#organization"},"potentialAction":[{"@type":"SearchAction","target":{"@type":"EntryPoint","urlTemplate":"https:\/\/nota-estudio.com\/?s={search_term_string}"},"query-input":"required name=search_term_string"}],"inLanguage":"en-GB"},{"@type":"Organization","@id":"https:\/\/nota-estudio.com\/#organization","name":"Nota Estudio","alternateName":"nota estudio","url":"https:\/\/nota-estudio.com\/","logo":{"@type":"ImageObject","inLanguage":"en-GB","@id":"https:\/\/nota-estudio.com\/#\/schema\/logo\/image\/","url":"http:\/\/nota-estudio.com\/wp-content\/uploads\/2023\/07\/cropped-nota-story-metalMesa-de-trabajo-42-copia-17.png","contentUrl":"http:\/\/nota-estudio.com\/wp-content\/uploads\/2023\/07\/cropped-nota-story-metalMesa-de-trabajo-42-copia-17.png","width":1009,"height":613,"caption":"Nota Estudio"},"image":{"@id":"https:\/\/nota-estudio.com\/#\/schema\/logo\/image\/"},"sameAs":["https:\/\/www.linkedin.com\/company\/nota-estudio\/","https:\/\/www.instagram.com\/nota_estudio\/?hl=en"]}]}},"_links":{"self":[{"href":"http:\/\/nota-estudio.com\/en\/wp-json\/wp\/v2\/pages\/3638","targetHints":{"allow":["GET"]}}],"collection":[{"href":"http:\/\/nota-estudio.com\/en\/wp-json\/wp\/v2\/pages"}],"about":[{"href":"http:\/\/nota-estudio.com\/en\/wp-json\/wp\/v2\/types\/page"}],"author":[{"embeddable":true,"href":"http:\/\/nota-estudio.com\/en\/wp-json\/wp\/v2\/users\/1"}],"replies":[{"embeddable":true,"href":"http:\/\/nota-estudio.com\/en\/wp-json\/wp\/v2\/comments?post=3638"}],"version-history":[{"count":41,"href":"http:\/\/nota-estudio.com\/en\/wp-json\/wp\/v2\/pages\/3638\/revisions"}],"predecessor-version":[{"id":4163,"href":"http:\/\/nota-estudio.com\/en\/wp-json\/wp\/v2\/pages\/3638\/revisions\/4163"}],"wp:attachment":[{"href":"http:\/\/nota-estudio.com\/en\/wp-json\/wp\/v2\/media?parent=3638"}],"curies":[{"name":"wp","href":"https:\/\/api.w.org\/{rel}","templated":true}]}}